{"id":4910,"date":"2020-05-25T16:15:41","date_gmt":"2020-05-25T20:15:41","guid":{"rendered":"https:\/\/fondationjeunesentete.org\/a-propos\/"},"modified":"2025-01-14T10:54:16","modified_gmt":"2025-01-14T15:54:16","slug":"about-us","status":"publish","type":"page","link":"https:\/\/fondationjeunesentete.org\/en\/about-us\/","title":{"rendered":"About us"},"content":{"rendered":"<div class=\"wpb-content-wrapper\"><p>[vc_row full_width=&#8221;stretch_row_content_no_spaces&#8221;][vc_column]<div class=\"fjet-module-container module-without-overflow bg module-hero bg-color module-bg-color-blanc \">\n    <div class=\"bg-img-hero \" style=\"background-image: url('https:\/\/fondationjeunesentete.tor1.digitaloceanspaces.com\/2020\/06\/fjet-apropos.jpg')\">                <div class=\"container\">\n                        <div class=\"row justify-content-center desktop-only\">\n                <div class=\"col-xl-8\">\n                    <div class=\"content-hero content-txt text-center no-bt \">\n                        <h5 class=\"text-color-blanc\">About the Foundation<\/h5>                        <h1 class=\"text-color-blanc \">Our youth Foundation raises awareness to prevent psychological distress<\/h1>                        <p class=\"lead text-color-\"><\/p>\n                        <div class=\"box-btns\">\t                    \t\t\t\t\t\t<\/div>\n                    <\/div>\n                <\/div>\n            <\/div>\n        <\/div>\n    <\/div>    <div class=\"container mobile-only with-bg \">\n        <div class=\"row row-mobile\">\n            <div class=\"col-12\">\n                <div class=\"content-txt \">\n                    <h5 class=\"text-color-blanc\">About the Foundation<\/h5>                    <h1 class=\"text-color-blanc \">Our youth Foundation raises awareness to prevent psychological distress<\/h1>                    <p class=\"lead text-color-\"><\/p>\n\t\t\t\t\t<div class=\"box-btns\">\t                \t\t\t\t\t<\/div>\n                <\/div>\n            <\/div>\n        <\/div>\n    <\/div>\n<\/div>\n[\/vc_column][\/vc_row][vc_row full_width=&#8221;stretch_row_content_no_spaces&#8221;][vc_column width=&#8221;2\/12&#8243;][\/vc_column][vc_column width=&#8221;8\/12&#8243;]<div class=\"module-2-col-txt-img fjet-module-container module-with-overflow bg-color module-bg-color-blanc  \">\n    <!-- decoration-box * pour mettre une deco en fond s'il y a lieu   -->\n        <div class=\"container\">\n        <div class=\"row align-items-center\">\n            <div class=\"col-lg-6\">\n                                    <div class=\"content-img overflow-container\">\n                        <div class=\"img-radius-8\">\n                            <img decoding=\"async\" src=\"https:\/\/fondationjeunesentete.tor1.digitaloceanspaces.com\/2020\/06\/vince-fleming-9pifzhcnrjq-unsplash-2.png\" alt=\"Our mission\" class=\"img-fluid\">\n                        <\/div>\n                    <\/div>\n                            <\/div>\n            <div class=\"col-lg-5 offset-lg-1\">\n                <div class=\"content-txt\">\n                                        <h3 class=\"text-color-bleu \">Our mission<\/h3>                    <p>The mission of the Youth in Mind Foundation is to prevent psychological distress in young people aged 11 to 18 in Quebec.<\/p>\n<p>We accomplish this mission by providing teens, their parents and school staff with online tools and awareness workshops in schools. Destigmatize, raise awareness, and empower: this is what we do every day to help the next generations face the life\u2019s challenges.<\/p>\n                                    <\/div>\n            <\/div>\n        <\/div>\n    <\/div>\n<\/div>[\/vc_column][vc_column width=&#8221;2\/12&#8243;][\/vc_column][\/vc_row][vc_row full_width=&#8221;stretch_row_content_no_spaces&#8221;][vc_column][vc_row_inner el_class=&#8221;desktop-only&#8221;][vc_column_inner]<div class=\"fjet-module-container module-texte-centre  module-without-overflow bg-color module-bg-color-blanc   \">\n            <div class=\"container\">\n        <div class=\"row\">\n            <div class=\"col-12 text-center\">\n                <div class=\"content-txt\">\n                    <h4 class=\"text-color-\">Our history<\/h4>                                        <p><span style=\"font-weight: 400;\">Youth in Mind Foundation was born of two sound foundations with several decades of experience working for the well-being of young people. Here are a few details highlighting the history of the Foundation.<\/span><\/p>\n                                    <\/div>\n            <\/div>\n        <\/div>\n    <\/div>\n    <\/div>[\/vc_column_inner][\/vc_row_inner][vc_row_inner el_class=&#8221;mobile-only&#8221;][vc_column_inner]<div class=\"fjet-module-container module-texte-centre  module-without-overflow bg-color module-bg-color-blanc   \">\n            <div class=\"container\">\n        <div class=\"row\">\n            <div class=\"col-12 \">\n                <div class=\"content-txt\">\n                    <h4 class=\"text-color-\">Our history<\/h4>                                        <p><span style=\"font-weight: 400;\">Youth in Mind Foundation was born of two sound foundations with several decades of experience working for the well-being of young people. Here are a few details highlighting the history of the Foundation.<\/span><\/p>\n                                    <\/div>\n            <\/div>\n        <\/div>\n    <\/div>\n    <\/div>[\/vc_column_inner][\/vc_row_inner][\/vc_column][\/vc_row][vc_row full_width=&#8221;stretch_row&#8221;][vc_column][vc_row_inner][vc_column_inner width=&#8221;1\/3&#8243;]<div class=\"fjet-module-container module-texte-centre-overflow  module-with-overflow  \">\n    <div class=\"container \">\n        <div class=\"row\">\n            <div class=\"col-12 text-center\">\n                                <div class=\"overflow-container module-box bg-color module-bg-color-bleu module-radius  \">\n                                            <div class=\"content-txt\">\n                                                                                    <\/p>\n<h1 style=\"text-align: center;\"><span style=\"color: #ffffff;\">1980<\/span><\/h1>\n<p><span style=\"font-weight: 400; color: #ffffff;\">Birth of the Mental Illness Foundation under the guidance of Dr. Yves Lamontagne, an eminent psychiatrist who chaired the Coll\u00e8ge des m\u00e9decins du Quebec for many years.<\/span><\/p>\n                                                    <\/div>\n                                        <\/div>\n            <\/div>\n        <\/div>\n    <\/div>\n<\/div>[vc_empty_space height=&#8221;140px&#8221;][\/vc_column_inner][vc_column_inner width=&#8221;1\/3&#8243;]<div class=\"fjet-module-container module-texte-centre-overflow  module-with-overflow  \">\n    <div class=\"container \">\n        <div class=\"row\">\n            <div class=\"col-12 text-center\">\n                                <div class=\"overflow-container module-box bg-color module-bg-color-vert module-radius  \">\n                                            <div class=\"content-txt\">\n                                                                                    <\/p>\n<h1 style=\"text-align: center;\"><span style=\"color: #ffffff;\">1995<\/span><\/h1>\n<p><span style=\"font-weight: 400; color: #ffffff;\">Creation of the Promexpo Foundation (which will later become Fondation Qu\u00e9bec Jeunes) by a group of business people. The foundation promoted the physical and mental well-being of poor and homeless youth before changing its focus to help all young people between the ages of 11 and 17 who are in difficulty or in need of help.<\/span><\/p>\n                                                    <\/div>\n                                        <\/div>\n            <\/div>\n        <\/div>\n    <\/div>\n<\/div>[vc_empty_space height=&#8221;140px&#8221;][\/vc_column_inner][vc_column_inner width=&#8221;1\/3&#8243;]<div class=\"fjet-module-container module-texte-centre-overflow  module-with-overflow  \">\n    <div class=\"container \">\n        <div class=\"row\">\n            <div class=\"col-12 text-center\">\n                                <div class=\"overflow-container module-box bg-color module-bg-color-rose module-radius  \">\n                                            <div class=\"content-txt\">\n                                                                                    <\/p>\n<h1 style=\"text-align: center;\"><span style=\"color: #ffffff;\">1998<\/span><\/h1>\n<p><span style=\"color: #ffffff;\"><span style=\"font-weight: 400;\">Development of the Partners for Life program (known as the Solidaires pour la vie program until 2016) by the Mental Illness Foundation. <\/span><b>1 million+ young people reached to this day!<\/b><\/span><\/p>\n                                                    <\/div>\n                                        <\/div>\n            <\/div>\n        <\/div>\n    <\/div>\n<\/div>[vc_empty_space height=&#8221;140px&#8221;][\/vc_column_inner][\/vc_row_inner][vc_row_inner][vc_column_inner width=&#8221;1\/3&#8243;]<div class=\"fjet-module-container module-texte-centre-overflow  module-with-overflow  \">\n    <div class=\"container \">\n        <div class=\"row\">\n            <div class=\"col-12 text-center\">\n                                <div class=\"overflow-container module-box bg-color module-bg-color-jaune module-radius  \">\n                                            <div class=\"content-txt\">\n                                                                                    <\/p>\n<h1 style=\"text-align: center;\"><span style=\"color: #ffffff;\">2013<\/span><\/h1>\n<p><span style=\"font-weight: 400; color: #ffffff;\">Launch of the Prix Inspiration by Fondation Qu\u00e9bec Jeunes to highlight the work of extraordinary organizations.<\/span><\/p>\n                                                    <\/div>\n                                        <\/div>\n            <\/div>\n        <\/div>\n    <\/div>\n<\/div>[vc_empty_space height=&#8221;140px&#8221;][\/vc_column_inner][vc_column_inner width=&#8221;1\/3&#8243;][vc_empty_space height=&#8221;80px&#8221; el_class=&#8221;desktop-only&#8221;]<div class=\"fjet-module-container module-texte-centre-overflow  module-with-overflow  \">\n    <div class=\"container \">\n        <div class=\"row\">\n            <div class=\"col-12 text-center\">\n                                <div class=\"overflow-container module-box bg-color module-bg-color-bleu module-radius  \">\n                                            <div class=\"content-txt\">\n                                                                                    <\/p>\n<h1 style=\"text-align: center;\"><span style=\"color: #ffffff;\">2017<\/span><\/h1>\n<p><span style=\"color: #ffffff;\">Inauguration of Fondation Jeunes en T\u00eate through the merge of Fondation Qu\u00e9bec Jeunes and the Mental Illness Foundation.<\/span><\/p>\n                                                    <\/div>\n                                        <\/div>\n            <\/div>\n        <\/div>\n    <\/div>\n<\/div>[vc_empty_space height=&#8221;140px&#8221;][\/vc_column_inner][vc_column_inner width=&#8221;1\/3&#8243;]<div class=\"fjet-module-container module-texte-centre-overflow  module-with-overflow  \">\n    <div class=\"container \">\n        <div class=\"row\">\n            <div class=\"col-12 text-center\">\n                                <div class=\"overflow-container module-box bg-color module-bg-color-vert module-radius  \">\n                                            <div class=\"content-txt\">\n                                                                                    <\/p>\n<h1 style=\"text-align: center;\"><span style=\"color: #ffffff;\">2019<\/span><\/h1>\n<p>&nbsp;<\/p>\n<h3 style=\"text-align: center;\"><span style=\"color: #ffffff;\">NEW WORKSHOP<\/span><\/h3>\n<p><span style=\"font-weight: 400; color: #ffffff;\">Launch of the new Mental Health Basics workshop for teens in grades 7 and 8, with the aim of fostering good mental health at an early age.<\/span><\/p>\n                                                    <\/div>\n                                        <\/div>\n            <\/div>\n        <\/div>\n    <\/div>\n<\/div>[\/vc_column_inner][\/vc_row_inner][\/vc_column][\/vc_row][vc_row full_width=&#8221;stretch_row_content_no_spaces&#8221;][vc_column width=&#8221;1\/6&#8243;][\/vc_column][vc_column width=&#8221;2\/3&#8243;]<div class=\"fjet-module-container module-texte-centre  module-without-overflow bg-color module-bg-color-blanc   \">\n            <div class=\"container\">\n        <div class=\"row\">\n            <div class=\"col-12 text-center\">\n                <div class=\"content-txt\">\n                                        <h2 class=\"text-color- \">A strong vision<\/h2>                    <p><span style=\"font-weight: 400;\">Youth in Mind Foundation is built on a strong vision carefully developed over the years: supporting the mental health and well-being of young people. Today, and every day, our foundation combines innovation and philanthropy to maximize the impact we have in society.<\/span><\/p>\n                                    <\/div>\n            <\/div>\n        <\/div>\n    <\/div>\n    <\/div>[\/vc_column][vc_column width=&#8221;1\/6&#8243;][\/vc_column][\/vc_row][vc_row full_width=&#8221;stretch_row_content_no_spaces&#8221;][vc_column]<div class=\"fjet-module-container module-title-container module-without-overflow  bg-color module-bg-color-blanc    \">\n            <div class=\"decoration-box desktop\" style=\"background-image: url('https:\/\/fondationjeunesentete.tor1.digitaloceanspaces.com\/2020\/07\/light-green-scribble-dsk.svg')\"><\/div><div class=\"decoration-box mobile\" style=\"background-image: url('https:\/\/fondationjeunesentete.tor1.digitaloceanspaces.com\/2020\/07\/light-green-scribble-dsk.svg')\"><\/div>\n        <div class=\"container\">\n            <div class=\"row\">\n                <div class=\"col-12\">\n                    <div class=\"content-txt \">\n                                                <h2 class=\"text-color-vert \">Learn more about the Foundation<\/h2>                    <\/div>\n                    <div class=\"content-vc\">\n                        [vc_row_inner][vc_column_inner width=&#8221;1\/2&#8243;]<div class=\"fjet-module-container image-texte-module  \">\n    <div class=\"container\">\n        <div class=\"row\">\n            <div class=\"col-12\">\n    <div class=\"content-img\" >\n        <div class=\"img-radius-8 pb-26\">\n            <img decoding=\"async\" src=\"https:\/\/fondationjeunesentete.tor1.digitaloceanspaces.com\/2020\/07\/fjet-soutien-organismes.jpg\" alt=\"\" class=\"img-fluid\">\n        <\/div>    <\/div>\n    <div class=\"content-txt\"  >\n                <h4 class=\"text-color- \">A growing impact<\/h4>        <p><span style=\"font-weight: 400;\">Each year, we\u2019re making progress in the fight to prevent psychological distress in Quebec teens.<\/span><\/p>\n                    <a class=\"btn btn-primary\" href=\"https:\/\/fondationjeunesentete.org\/en\/about-us\/our-impact\/\" title=\"Notre impact\" target=\"\"><span>Our impact<\/span><\/a>\n            <\/div>\n            <\/div>\n        <\/div>\n    <\/div>\n<\/div>[\/vc_column_inner][vc_column_inner width=&#8221;1\/2&#8243;]<div class=\"fjet-module-container image-texte-module  \">\n    <div class=\"container\">\n        <div class=\"row\">\n            <div class=\"col-12\">\n    <div class=\"content-img\" >\n        <div class=\"img-radius-8 pb-26\">\n            <img decoding=\"async\" src=\"https:\/\/fondationjeunesentete.tor1.digitaloceanspaces.com\/2020\/08\/footer-nos-allies.jpg\" alt=\"\" class=\"img-fluid\">\n        <\/div>    <\/div>\n    <div class=\"content-txt\"  >\n                <h4 class=\"text-color- \">Thank you to our allies<\/h4>        <p><span style=\"font-weight: 400;\">Without individuals and charities that support mental health, none of this would be possible. The support of our 6100 incredible allies allows us to secure the longevity of our work with young people.<\/span><\/p>\n                    <a class=\"btn btn-primary\" href=\"https:\/\/fondationjeunesentete.org\/en\/about-us\/our-allies\/\" title=\"Notre impact\" target=\"\"><span>Learn more about their precious contribution<\/span><\/a>\n            <\/div>\n            <\/div>\n        <\/div>\n    <\/div>\n<\/div>[\/vc_column_inner][\/vc_row_inner]                    <\/div>\n                <\/div>\n            <\/div>\n        <\/div>\n        <\/div>\n[\/vc_column][\/vc_row][vc_row full_width=&#8221;stretch_row_content_no_spaces&#8221; disable_element=&#8221;yes&#8221; el_id=&#8221;prix-meritas-anchor&#8221;][vc_column]<div class=\"module-2-col-txt-img fjet-module-container module-with-overflow bg-color module-bg-color-vertPale  \">\n    <!-- decoration-box * pour mettre une deco en fond s'il y a lieu   -->\n        <div class=\"container\">\n        <div class=\"row align-items-center\">\n            <div class=\"col-lg-6\">\n                                    <div class=\"content-img overflow-container\">\n                        <div class=\"img-radius-8\">\n                            <img decoding=\"async\" src=\"https:\/\/fondationjeunesentete.tor1.digitaloceanspaces.com\/2020\/07\/aqps.png\" alt=\"2019 Organization of the year\" class=\"img-fluid\">\n                        <\/div>\n                    <\/div>\n                            <\/div>\n            <div class=\"col-lg-5 offset-lg-1\">\n                <div class=\"content-txt\">\n                                        <h3 class=\"text-color- \">2019 Organization of the year<\/h3>                    <p>The Foundation was recognized by the Association qu\u00e9b\u00e9coise de la pr\u00e9vention du suicide (AQPS) for its crucial role in the field of suicide prevention.<\/p>\n                                    <\/div>\n            <\/div>\n        <\/div>\n    <\/div>\n<\/div>[\/vc_column][\/vc_row][vc_row full_width=&#8221;stretch_row_content_no_spaces&#8221;][vc_column]<div class=\"module-2-col-txt-img fjet-module-container module-with-overflow bg-color module-bg-color-blanc  \">\n    <!-- decoration-box * pour mettre une deco en fond s'il y a lieu   -->\n        <div class=\"container\">\n        <div class=\"row align-items-center\">\n            <div class=\"order-1 order-lg-2 col-lg-6 offset-lg-1\">\n                                    <div class=\"content-img overflow-container\">\n                        <div class=\"img-radius-8\">\n                            <img decoding=\"async\" src=\"https:\/\/fondationjeunesentete.tor1.digitaloceanspaces.com\/2020\/06\/fjet-administration.jpg\" alt=\"Our Board of Directors\" class=\"img-fluid\">\n                        <\/div>\n                    <\/div>\n                            <\/div>\n            <div class=\"order-2 order-lg-1 col-lg-5\">\n                <div class=\"content-txt\">\n                                        <h3 class=\"text-color- \">Our Board of Directors<\/h3>                    <p><span style=\"font-weight: 400;\">United by a common desire to advance the cause of teen mental health, the members of our Board of Directors help us each year to broaden the reach of the Foundation\u2019s projects.<\/span><\/p>\n                                            <a class=\"btn btn-primary data-gtm-trigger\" \n                            href=\"https:\/\/fondationjeunesentete.org\/en\/about-us\/board-of-directors\/\"\n                            title=\"Notre impact\"\n                            target=\"\"\n                            data-gtm-event=\"Download\" \n                            data-gtm-event-category=\"Opportunity\" \n                            data-gtm-event-action=\"Download\" \n                            data-gtm-event-label=\"Notre impact\" \n                            data-gtm-download-category=\"Inscription\">\n                            <span>Discover our board<\/span>\n                        <\/a>\n                                    <\/div>\n            <\/div>\n        <\/div>\n    <\/div>\n<\/div>[\/vc_column][\/vc_row][vc_row full_width=&#8221;stretch_row_content_no_spaces&#8221;][vc_column]<div class=\"fjet-module-container module-texte-centre  module-without-overflow bg-color module-bg-color-blanc   \">\n            <div class=\"container\">\n        <div class=\"row\">\n            <div class=\"col-12 text-center\">\n                <div class=\"content-txt\">\n                                        <h2 class=\"text-color-bleu \">OUR TEAM<\/h2>                    <p><span style=\"font-weight: 400;\">Every day, our team of dedicated, motivated individuals bring the Foundation\u2019s initiatives to life.<\/span><\/p>\n                                            <a class=\"btn btn-primary\" href=\"https:\/\/fondationjeunesentete.org\/en\/about-us\/our-team\/\" title=\"Notre \u00e9quipe\" target=\"_blank\"><span>Notre \u00e9quipe<\/span><\/a>\n                                    <\/div>\n            <\/div>\n        <\/div>\n    <\/div>\n    <\/div>[vc_empty_space height=&#8221;160px&#8221;]<div class=\"fjet-module-container module-image module-with-overflow matchHeight  \">\n    <!-- Image au centre dans le container en position BACK -->\n    <div class=\"container-fluid no-gutters p-0 \">\n        <div class=\"row\">\n            <div class=\"col-12\">\n                <div class=\"img-container overflow-container\">\n                                    <img decoding=\"async\" src=\"https:\/\/fondationjeunesentete.tor1.digitaloceanspaces.com\/2024\/12\/mosaique-site-web-fjet-2024-scaled.jpg\" alt=\"\" class=\"img-fluid\">\n                                <\/div>\n            <\/div>\n        <\/div>\n    <\/div>\n<\/div>[vc_empty_space height=&#8221;160px&#8221;][\/vc_column][\/vc_row]<\/p>\n<\/div>","protected":false},"excerpt":{"rendered":"<p>Our youth Foundation raises awareness to prevent psychological distress<\/p>\n","protected":false},"author":14,"featured_media":0,"parent":0,"menu_order":0,"comment_status":"closed","ping_status":"closed","template":"","meta":{"_acf_changed":false,"inline_featured_image":false,"footnotes":""},"class_list":["post-4910","page","type-page","status-publish","hentry"],"acf":[],"yoast_head":"<!-- This site is optimized with the Yoast SEO plugin v26.8 - https:\/\/yoast.com\/product\/yoast-seo-wordpress\/ -->\n<title>About us - Fondation Jeunes en T\u00eate<\/title>\n<meta name=\"robots\" content=\"index, follow, max-snippet:-1, max-image-preview:large, max-video-preview:-1\" \/>\n<link rel=\"canonical\" href=\"https:\/\/fondationjeunesentete.org\/en\/about-us\/\" \/>\n<meta property=\"og:locale\" content=\"en_US\" \/>\n<meta property=\"og:type\" content=\"article\" \/>\n<meta property=\"og:title\" content=\"About us - Fondation Jeunes en T\u00eate\" \/>\n<meta property=\"og:description\" content=\"Our youth Foundation raises awareness to prevent psychological distress\" \/>\n<meta property=\"og:url\" content=\"https:\/\/fondationjeunesentete.org\/en\/about-us\/\" \/>\n<meta property=\"og:site_name\" content=\"Fondation Jeunes en T\u00eate\" \/>\n<meta property=\"article:modified_time\" content=\"2025-01-14T15:54:16+00:00\" \/>\n<meta name=\"twitter:card\" content=\"summary_large_image\" \/>\n<meta name=\"twitter:label1\" content=\"Est. reading time\" \/>\n\t<meta name=\"twitter:data1\" content=\"4 minutes\" \/>\n<script type=\"application\/ld+json\" class=\"yoast-schema-graph\">{\"@context\":\"https:\/\/schema.org\",\"@graph\":[{\"@type\":\"WebPage\",\"@id\":\"https:\/\/fondationjeunesentete.org\/en\/about-us\/\",\"url\":\"https:\/\/fondationjeunesentete.org\/en\/about-us\/\",\"name\":\"About us - Fondation Jeunes en T\u00eate\",\"isPartOf\":{\"@id\":\"https:\/\/fondationjeunesentete.org\/#website\"},\"datePublished\":\"2020-05-25T20:15:41+00:00\",\"dateModified\":\"2025-01-14T15:54:16+00:00\",\"breadcrumb\":{\"@id\":\"https:\/\/fondationjeunesentete.org\/en\/about-us\/#breadcrumb\"},\"inLanguage\":\"en-US\",\"potentialAction\":[{\"@type\":\"ReadAction\",\"target\":[\"https:\/\/fondationjeunesentete.org\/en\/about-us\/\"]}]},{\"@type\":\"BreadcrumbList\",\"@id\":\"https:\/\/fondationjeunesentete.org\/en\/about-us\/#breadcrumb\",\"itemListElement\":[{\"@type\":\"ListItem\",\"position\":1,\"name\":\"Home\",\"item\":\"https:\/\/fondationjeunesentete.org\/en\/\"},{\"@type\":\"ListItem\",\"position\":2,\"name\":\"About us\"}]},{\"@type\":\"WebSite\",\"@id\":\"https:\/\/fondationjeunesentete.org\/#website\",\"url\":\"https:\/\/fondationjeunesentete.org\/\",\"name\":\"Fondation Jeunes en T\u00eate\",\"description\":\"Agissons pour le bien-\u00eatre des jeunes\",\"potentialAction\":[{\"@type\":\"SearchAction\",\"target\":{\"@type\":\"EntryPoint\",\"urlTemplate\":\"https:\/\/fondationjeunesentete.org\/?s={search_term_string}\"},\"query-input\":{\"@type\":\"PropertyValueSpecification\",\"valueRequired\":true,\"valueName\":\"search_term_string\"}}],\"inLanguage\":\"en-US\"}]}<\/script>\n<!-- \/ Yoast SEO plugin. -->","yoast_head_json":{"title":"About us - Fondation Jeunes en T\u00eate","robots":{"index":"index","follow":"follow","max-snippet":"max-snippet:-1","max-image-preview":"max-image-preview:large","max-video-preview":"max-video-preview:-1"},"canonical":"https:\/\/fondationjeunesentete.org\/en\/about-us\/","og_locale":"en_US","og_type":"article","og_title":"About us - Fondation Jeunes en T\u00eate","og_description":"Our youth Foundation raises awareness to prevent psychological distress","og_url":"https:\/\/fondationjeunesentete.org\/en\/about-us\/","og_site_name":"Fondation Jeunes en T\u00eate","article_modified_time":"2025-01-14T15:54:16+00:00","twitter_card":"summary_large_image","twitter_misc":{"Est. reading time":"4 minutes"},"schema":{"@context":"https:\/\/schema.org","@graph":[{"@type":"WebPage","@id":"https:\/\/fondationjeunesentete.org\/en\/about-us\/","url":"https:\/\/fondationjeunesentete.org\/en\/about-us\/","name":"About us - Fondation Jeunes en T\u00eate","isPartOf":{"@id":"https:\/\/fondationjeunesentete.org\/#website"},"datePublished":"2020-05-25T20:15:41+00:00","dateModified":"2025-01-14T15:54:16+00:00","breadcrumb":{"@id":"https:\/\/fondationjeunesentete.org\/en\/about-us\/#breadcrumb"},"inLanguage":"en-US","potentialAction":[{"@type":"ReadAction","target":["https:\/\/fondationjeunesentete.org\/en\/about-us\/"]}]},{"@type":"BreadcrumbList","@id":"https:\/\/fondationjeunesentete.org\/en\/about-us\/#breadcrumb","itemListElement":[{"@type":"ListItem","position":1,"name":"Home","item":"https:\/\/fondationjeunesentete.org\/en\/"},{"@type":"ListItem","position":2,"name":"About us"}]},{"@type":"WebSite","@id":"https:\/\/fondationjeunesentete.org\/#website","url":"https:\/\/fondationjeunesentete.org\/","name":"Fondation Jeunes en T\u00eate","description":"Agissons pour le bien-\u00eatre des jeunes","potentialAction":[{"@type":"SearchAction","target":{"@type":"EntryPoint","urlTemplate":"https:\/\/fondationjeunesentete.org\/?s={search_term_string}"},"query-input":{"@type":"PropertyValueSpecification","valueRequired":true,"valueName":"search_term_string"}}],"inLanguage":"en-US"}]}},"_links":{"self":[{"href":"https:\/\/fondationjeunesentete.org\/en\/wp-json\/wp\/v2\/pages\/4910","targetHints":{"allow":["GET"]}}],"collection":[{"href":"https:\/\/fondationjeunesentete.org\/en\/wp-json\/wp\/v2\/pages"}],"about":[{"href":"https:\/\/fondationjeunesentete.org\/en\/wp-json\/wp\/v2\/types\/page"}],"author":[{"embeddable":true,"href":"https:\/\/fondationjeunesentete.org\/en\/wp-json\/wp\/v2\/users\/14"}],"replies":[{"embeddable":true,"href":"https:\/\/fondationjeunesentete.org\/en\/wp-json\/wp\/v2\/comments?post=4910"}],"version-history":[{"count":6,"href":"https:\/\/fondationjeunesentete.org\/en\/wp-json\/wp\/v2\/pages\/4910\/revisions"}],"predecessor-version":[{"id":33161,"href":"https:\/\/fondationjeunesentete.org\/en\/wp-json\/wp\/v2\/pages\/4910\/revisions\/33161"}],"wp:attachment":[{"href":"https:\/\/fondationjeunesentete.org\/en\/wp-json\/wp\/v2\/media?parent=4910"}],"curies":[{"name":"wp","href":"https:\/\/api.w.org\/{rel}","templated":true}]}}