{"id":13694,"date":"2021-08-20T15:23:34","date_gmt":"2021-08-20T19:23:34","guid":{"rendered":"https:\/\/fondationjeunesentete.org\/?page_id=13694"},"modified":"2026-01-22T10:09:24","modified_gmt":"2026-01-22T15:09:24","slug":"partnerships","status":"publish","type":"page","link":"https:\/\/fondationjeunesentete.org\/en\/benefit-events\/partnerships\/","title":{"rendered":"Partnerships"},"content":{"rendered":"<div class=\"wpb-content-wrapper\"><p>[vc_row full_width=&#8221;stretch_row_content_no_spaces&#8221;][vc_column]<div class=\"fjet-module-container module-without-overflow bg module-hero bg-color module-bg-color-blanc \">\n    <div class=\"bg-img-hero \" style=\"background-image: url('https:\/\/fondationjeunesentete.tor1.digitaloceanspaces.com\/2021\/08\/event-fjet-1-scaled.jpg')\">                <div class=\"container\">\n                        <div class=\"row justify-content-center desktop-only\">\n                <div class=\"col-xl-8\">\n                    <div class=\"content-hero content-txt text-center no-bt \">\n                        <h5 class=\"text-color-blanc\">Partnership<\/h5>                        <h1 class=\"text-color-blanc \">Businesses and artisans making a difference<\/h1>                        <p class=\"lead text-color-\"><\/p>\n                        <div class=\"box-btns\">\t                    \t\t\t\t\t\t<\/div>\n                    <\/div>\n                <\/div>\n            <\/div>\n        <\/div>\n    <\/div>    <div class=\"container mobile-only with-bg \">\n        <div class=\"row row-mobile\">\n            <div class=\"col-12\">\n                <div class=\"content-txt \">\n                    <h5 class=\"text-color-blanc\">Partnership<\/h5>                    <h1 class=\"text-color-blanc \">Businesses and artisans making a difference<\/h1>                    <p class=\"lead text-color-\"><\/p>\n\t\t\t\t\t<div class=\"box-btns\">\t                \t\t\t\t\t<\/div>\n                <\/div>\n            <\/div>\n        <\/div>\n    <\/div>\n<\/div>\n[\/vc_column][\/vc_row][vc_row][vc_column]<div class=\"fjet-module-container module-texte-centre  module-without-overflow    \">\n            <div class=\"container\">\n        <div class=\"row\">\n            <div class=\"col-12 \">\n                <div class=\"content-txt\">\n                                        <h2 class=\"text-color- \">Together for Youth Mental Health<\/h2>                    <p>Join forces with us to champion the mental well-being of young individuals. <strong>Together, let&#8217;s generate a lasting positive impact<\/strong>. Partner with Youth in Mind Foundation and contribute to making a meaningful difference in lives.<\/p>\n<p>Contact us today!<\/p>\n<p>\ud83d\udce7 Marguerite Trudel-Poitras : <a href=\"mailto:mtrudel-poitras@fondationjeunesentete.org\">mtrudel-poitras@fondationjeunesentete.org<\/a><\/p>\n                                    <\/div>\n            <\/div>\n        <\/div>\n    <\/div>\n    <\/div>[\/vc_column][\/vc_row][vc_row][vc_column]<div id=\"test-events-future\" class=\"fjet-module-container module-without-overflow  module-bloc-listes-events-future\" data-post-type=\"evenements\"  data-page-size=\"4\" data-page=\"1\" data-pages=\"0\" data-period=\"all\" data-category=\"all\" data-year=\"all\" data-btn-label=\"Read more\" data-taxonomy=\"categories-evenement\"  data-categories=\"64\" data-loading=\"Loading...\">\n    <div class=\"container\">\n        <div class=\"row\">\n            <div class=\"col-12\">\n                <div class=\"liste-entete\">\n                    <div class=\"title-txt\">\n                        <h3>Current partnerships<\/h3>\n                    <\/div>\n                    <div class=\"filtres-box\">\n                    <\/div>\n                <\/div>\n            <\/div>\n        <\/div>\n                <div class=\"resultats-container\">\n            <div class=\"resultat-indivduel bg-color category-all category-64 year-all year-2026 active page-visible\">\n    <div class=\"resultat-container\">\n        <div class=\"row align-items-center\">\n            <div class=\"col-xl-6 col-img\">\n                <div class=\"content-img\">\n                    <img decoding=\"async\" src=\"https:\/\/fondationjeunesentete.tor1.digitaloceanspaces.com\/2026\/02\/eventmanager-eventimage-1920w.jpg\" alt=\"When basketball scores points for teens!\" class=\"img-fluid module-shadow\">\n                <\/div>\n            <\/div>\n            <div class=\"col-xl-6\">\n                <div class=\"title-box\">\n                    <span class=\"date-filtre\">\n                        <span class=\"filtre-point-couleur point-bleu\"><\/span>\n                        <span class=\"date\">May 01, 2026 - August 01, 2026<\/span>\n                    <\/span>\n                <\/div>\n                <div class=\"content-txt\">\n                    <h3>When basketball scores points for teens!<\/h3>\n                    <p class=\"p-medium\">\u200bUntil the end of the 2026 regular season, 15% of ticket sales made through our link will be given to the Youth in Mind Foundation to support mental health awareness among teens.<\/p>\n                    <a href=\"https:\/\/fondationjeunesentete.org\/en\/evenements\/when-basketball-scores-points-for-teens\/\" class=\"btn btn-link-alt js-btn-link\"><span>Read more<\/span><\/a>\n                <\/div>\n            <\/div>\n        <\/div>\n    <\/div>\n<\/div>\n<div class=\"resultat-indivduel bg-color category-all category-64 year-all year-2025 active page-visible\">\n    <div class=\"resultat-container\">\n        <div class=\"row align-items-center\">\n            <div class=\"col-xl-6 col-img\">\n                <div class=\"content-img\">\n                    <img decoding=\"async\" src=\"https:\/\/fondationjeunesentete.tor1.digitaloceanspaces.com\/2024\/10\/2026-3.jpg\" alt=\"A partnership with the Alouettes for teens!\" class=\"img-fluid module-shadow\">\n                <\/div>\n            <\/div>\n            <div class=\"col-xl-6\">\n                <div class=\"title-box\">\n                    <span class=\"date-filtre\">\n                        <span class=\"filtre-point-couleur point-bleu\"><\/span>\n                        <span class=\"date\">May 01, 2025 - October 31, 2026<\/span>\n                    <\/span>\n                <\/div>\n                <div class=\"content-txt\">\n                    <h3>A partnership with the Alouettes for teens!<\/h3>\n                    <p class=\"p-medium\">\u200bUntil the end of the regular season, 15% of ticket sales made through this link will be given to the Youth in Mind Foundation to support mental health awareness among teens.<\/p>\n                    <a href=\"https:\/\/fondationjeunesentete.org\/en\/evenements\/alouettes-partnership-for-teens-2\/\" class=\"btn btn-link-alt js-btn-link\"><span>Read more<\/span><\/a>\n                <\/div>\n            <\/div>\n        <\/div>\n    <\/div>\n<\/div>\n<div class=\"resultat-indivduel bg-color category-all category-64 year-all year-2022 active page-visible\">\n    <div class=\"resultat-container\">\n        <div class=\"row align-items-center\">\n            <div class=\"col-xl-6 col-img\">\n                <div class=\"content-img\">\n                    <img decoding=\"async\" src=\"https:\/\/fondationjeunesentete.tor1.digitaloceanspaces.com\/2021\/02\/allo-simone2.jpg\" alt=\"UNTIL DECEMBER 31, 2021: Allo Simonne\" class=\"img-fluid module-shadow\">\n                <\/div>\n            <\/div>\n            <div class=\"col-xl-6\">\n                <div class=\"title-box\">\n                    <span class=\"date-filtre\">\n                        <span class=\"filtre-point-couleur point-bleu\"><\/span>\n                        <span class=\"date\">January 01, 2022 - December 31, 2026<\/span>\n                    <\/span>\n                <\/div>\n                <div class=\"content-txt\">\n                    <h3>UNTIL DECEMBER 31, 2021: Allo Simonne<\/h3>\n                    <p class=\"p-medium\">\u200bUntil December 31, 2021, go to Allo Simonne and get the Coffret Plaisirs. 1 $ will be generously donated to the Foundation on each box sold. A great way to spoil yourself for the cause and enjoy delicious chocolate spreads made in Quebec!<\/p>\n                    <a href=\"https:\/\/fondationjeunesentete.org\/en\/evenements\/allo-simonne\/\" class=\"btn btn-link-alt js-btn-link\"><span>Read more<\/span><\/a>\n                <\/div>\n            <\/div>\n        <\/div>\n    <\/div>\n<\/div>\n<div class=\"resultat-indivduel bg-color category-all category-64 year-all year-2023 active page-visible\">\n    <div class=\"resultat-container\">\n        <div class=\"row align-items-center\">\n            <div class=\"col-xl-6 col-img\">\n                <div class=\"content-img\">\n                    <img decoding=\"async\" src=\"https:\/\/fondationjeunesentete.tor1.digitaloceanspaces.com\/2023\/11\/design-sans-titre-5.jpg\" alt=\"Invincible Boutique Commits to Teens Mental Health\" class=\"img-fluid module-shadow\">\n                <\/div>\n            <\/div>\n            <div class=\"col-xl-6\">\n                <div class=\"title-box\">\n                    <span class=\"date-filtre\">\n                        <span class=\"filtre-point-couleur point-bleu\"><\/span>\n                        <span class=\"date\">May 15, 2023 - December 31, 2026<\/span>\n                    <\/span>\n                <\/div>\n                <div class=\"content-txt\">\n                    <h3>Invincible Boutique Commits to Teens Mental Health<\/h3>\n                    <p class=\"p-medium\">\u200b\u200bDiscover the partnership with Invincible boutique. Each online purchase will donate $2 to prevent psychological distress among teens. <\/p>\n                    <a href=\"https:\/\/fondationjeunesentete.org\/en\/evenements\/invincible-boutique-commits-to-teens-mental-health\/\" class=\"btn btn-link-alt js-btn-link\"><span>Read more<\/span><\/a>\n                <\/div>\n            <\/div>\n        <\/div>\n    <\/div>\n<\/div>\n<div class=\"resultat-indivduel bg-color category-all category-64 year-all year-2026 active \">\n    <div class=\"resultat-container\">\n        <div class=\"row align-items-center\">\n            <div class=\"col-xl-6 col-img\">\n                <div class=\"content-img\">\n                    <img decoding=\"async\" src=\"https:\/\/fondationjeunesentete.tor1.digitaloceanspaces.com\/2026\/01\/tony-leblanc-partenariat.jpg\" alt=\"Tony Leblanc, artworks for mental health\" class=\"img-fluid module-shadow\">\n                <\/div>\n            <\/div>\n            <div class=\"col-xl-6\">\n                <div class=\"title-box\">\n                    <span class=\"date-filtre\">\n                        <span class=\"filtre-point-couleur point-bleu\"><\/span>\n                        <span class=\"date\">January 22, 2026 - December 31, 2026<\/span>\n                    <\/span>\n                <\/div>\n                <div class=\"content-txt\">\n                    <h3>Tony Leblanc, artworks for mental health<\/h3>\n                    <p class=\"p-medium\">\u200bI get involved by donating paintings for the Foundation's auctions, but also by giving a percentage of the profits from the sale of my works.<\/p>\n                    <a href=\"https:\/\/fondationjeunesentete.org\/en\/evenements\/tony-leblanc-artworks-for-mental-health\/\" class=\"btn btn-link-alt js-btn-link\"><span>Read more<\/span><\/a>\n                <\/div>\n            <\/div>\n        <\/div>\n    <\/div>\n<\/div>\n<div class=\"resultat-indivduel bg-color category-all category-64 year-all year-2023 active \">\n    <div class=\"resultat-container\">\n        <div class=\"row align-items-center\">\n            <div class=\"col-xl-6 col-img\">\n                <div class=\"content-img\">\n                    <img decoding=\"async\" src=\"https:\/\/fondationjeunesentete.tor1.digitaloceanspaces.com\/2026\/04\/invisiblexfjet.jpg\" alt=\"Invincible Boutique Commits to Teens Mental Health\" class=\"img-fluid module-shadow\">\n                <\/div>\n            <\/div>\n            <div class=\"col-xl-6\">\n                <div class=\"title-box\">\n                    <span class=\"date-filtre\">\n                        <span class=\"filtre-point-couleur point-bleu\"><\/span>\n                        <span class=\"date\">May 15, 2023 - December 31, 2026<\/span>\n                    <\/span>\n                <\/div>\n                <div class=\"content-txt\">\n                    <h3>Invincible Boutique Commits to Teens Mental Health<\/h3>\n                    <p class=\"p-medium\">\u200b[IN]VISIBLE wear partners with Youth in Mind Foundation to support youth mental health awareness, donating $10 to the Foundation for every hoodie sold.\ud83d\udc99<\/p>\n                    <a href=\"https:\/\/fondationjeunesentete.org\/en\/evenements\/invincible-boutique-commits-to-teens-mental-health-2\/\" class=\"btn btn-link-alt js-btn-link\"><span>Read more<\/span><\/a>\n                <\/div>\n            <\/div>\n        <\/div>\n    <\/div>\n<\/div>\n        <\/div>\n        <div class=\"row\">\n            <div class=\"col-12 text-center\">\n                <div class=\"pagination-box\">\n                    <nav aria-label=\"...\">\n                        <ul class=\"pagination pagination-lg\">\n\n                        <\/ul>\n                    <\/nav>\n                <\/div>\n            <\/div>\n        <\/div>\n    <\/div>\n<\/div>\n<div id=\"test-events-past\" class=\"fjet-module-container module-without-overflow  module-bloc-listes-events\" data-post-type=\"evenements\"  data-page-size=\"4\" data-page=\"1\" data-pages=\"2\" data-period=\"all\" data-category=\"all\" data-year=\"all\" data-btn-label=\"Read the article\" data-taxonomy=\"categories-evenement\"  data-categories=\"64\" data-loading=\"Loading...\">\n    <div class=\"container\">\n        <div class=\"row\">\n            <div class=\"col-12\">\n                <div class=\"liste-entete\">\n                    <div class=\"title-txt\">\n                        <h3>Past partnerships<\/h3>\n                    <\/div>\n                    <div class=\"filtres-box\">\n                        <div class=\"select-container\">\n                            <select class=\"select2 no-search select2-years\" data-all-txt=\"All years\">\n                                <option value=\"all\">All years<\/option>\n                                                                <option value=\"2026\">2026<\/option>\n                                                                <option value=\"2024\">2024<\/option>\n                                                                <option value=\"2021\">2021<\/option>\n                                                            <\/select>\n                        <\/div>\n                    <\/div>\n                <\/div>\n            <\/div>\n        <\/div>\n        <div class=\"row\">\n            <div class=\"no-results\">No result<\/div>\n        <\/div>\n        <div class=\"resultats-container\">\n            <div class=\"resultat-indivduel bg-color module-bg-color-bleu category-all category-64 year-all year-2026 active page-visible\">\n    <div class=\"resultat-container\">\n        <div class=\"row align-items-center\">\n            <div class=\"col-xl-6 col-img\">\n                <div class=\"content-img\">\n                    <img decoding=\"async\" src=\"https:\/\/fondationjeunesentete.tor1.digitaloceanspaces.com\/2026\/02\/mockup-t-shirt-dos.jpg\" alt=\"A T-shirt that makes sense!\" class=\"img-fluid module-shadow\">\n                <\/div>\n            <\/div>\n            <div class=\"col-xl-6\">\n                <div class=\"title-box\">\n                    <span class=\"date-filtre\">\n                        <span class=\"filtre-point-couleur point-bleu\"><\/span>\n                        <span class=\"date\">February 02, 2026 - March 31, 2026<\/span>\n                    <\/span>\n                <\/div>\n                <div class=\"content-txt\">\n                    <h3>A T-shirt that makes sense!<\/h3>\n                    <p class=\"p-medium\">\u200bEach online purchase will donate $10 to prevent psychological distress among teens.<\/p>\n                    <a href=\"https:\/\/fondationjeunesentete.org\/en\/evenements\/a-t-shirt-that-makes-sense\/\" class=\"btn btn-link-alt js-btn-link\"><span>Read the article<\/span><\/a>\n                <\/div>\n            <\/div>\n        <\/div>\n    <\/div>\n<\/div>\n<div class=\"resultat-indivduel bg-color module-bg-color-bleu category-all category-64 year-all year-2024 active page-visible\">\n    <div class=\"resultat-container\">\n        <div class=\"row align-items-center\">\n            <div class=\"col-xl-6 col-img\">\n                <div class=\"content-img\">\n                    <img decoding=\"async\" src=\"https:\/\/fondationjeunesentete.tor1.digitaloceanspaces.com\/2024\/08\/copie-de-template-pillier-presentation-2.png\" alt=\"Committed Entrepreneurship: \u00c9milie Devoe \u2013 Fondation Jeunes en T\u00eate\" class=\"img-fluid module-shadow\">\n                <\/div>\n            <\/div>\n            <div class=\"col-xl-6\">\n                <div class=\"title-box\">\n                    <span class=\"date-filtre\">\n                        <span class=\"filtre-point-couleur point-bleu\"><\/span>\n                        <span class=\"date\">August 06, 2024 - December 31, 2025<\/span>\n                    <\/span>\n                <\/div>\n                <div class=\"content-txt\">\n                    <h3>Committed Entrepreneurship: \u00c9milie Devoe \u2013 Fondation Jeunes en T\u00eate<\/h3>\n                    <p class=\"p-medium\">\u200bL'\u00c9toile Taill\u00e9e traces a tumultuous journey of resilience: that of a suffering child and her caregiver mother. <\/p>\n                    <a href=\"https:\/\/fondationjeunesentete.org\/en\/evenements\/committed-entrepreneurship-emilie-devoe-fondation-jeunes-en-tete\/\" class=\"btn btn-link-alt js-btn-link\"><span>Read the article<\/span><\/a>\n                <\/div>\n            <\/div>\n        <\/div>\n    <\/div>\n<\/div>\n<div class=\"resultat-indivduel bg-color module-bg-color-bleu category-all category-64 year-all year-2021 active page-visible\">\n    <div class=\"resultat-container\">\n        <div class=\"row align-items-center\">\n            <div class=\"col-xl-6 col-img\">\n                <div class=\"content-img\">\n                    <img decoding=\"async\" src=\"https:\/\/fondationjeunesentete.tor1.digitaloceanspaces.com\/2022\/01\/bandeau-wp-mise-en-avant-3.png\" alt=\"Mauvais Gar\u00e7on to benefit the cause\" class=\"img-fluid module-shadow\">\n                <\/div>\n            <\/div>\n            <div class=\"col-xl-6\">\n                <div class=\"title-box\">\n                    <span class=\"date-filtre\">\n                        <span class=\"filtre-point-couleur point-bleu\"><\/span>\n                        <span class=\"date\">May 01, 2021 - July 26, 2022<\/span>\n                    <\/span>\n                <\/div>\n                <div class=\"content-txt\">\n                    <h3>Mauvais Gar\u00e7on to benefit the cause<\/h3>\n                    <p class=\"p-medium\">\u200bStarting January 1, 2022, the shop Mauvais Gar\u00e7on will donate $5 to the Fondation for every candle sold. Their fragrances are sure to delight!<\/p>\n                    <a href=\"https:\/\/fondationjeunesentete.org\/en\/evenements\/sale-of-candles-mauvais-garcon-to-benefit-the-cause\/\" class=\"btn btn-link-alt js-btn-link\"><span>Read the article<\/span><\/a>\n                <\/div>\n            <\/div>\n        <\/div>\n    <\/div>\n<\/div>\n<div class=\"resultat-indivduel bg-color module-bg-color-bleu category-all category-64 year-all year-2021 active page-visible\">\n    <div class=\"resultat-container\">\n        <div class=\"row align-items-center\">\n            <div class=\"col-xl-6 col-img\">\n                <div class=\"content-img\">\n                    <img decoding=\"async\" src=\"https:\/\/fondationjeunesentete.tor1.digitaloceanspaces.com\/2021\/04\/pexels-ithalu-dominguez-942649-scaled-1.jpg\" alt=\"\u00c0 la Bo\u00eete \u00e0 Fleurs\" class=\"img-fluid module-shadow\">\n                <\/div>\n            <\/div>\n            <div class=\"col-xl-6\">\n                <div class=\"title-box\">\n                    <span class=\"date-filtre\">\n                        <span class=\"filtre-point-couleur point-bleu\"><\/span>\n                        <span class=\"date\">April 01, 2021 - April 01, 2022<\/span>\n                    <\/span>\n                <\/div>\n                <div class=\"content-txt\">\n                    <h3>\u00c0 la Bo\u00eete \u00e0 Fleurs<\/h3>\n                    <p class=\"p-medium\">\u200bUntil April 2022, for every purchase of one of the two creations of the Merci la vie floral collection, $5 will be generously donated to our mission. <\/p>\n                    <a href=\"https:\/\/fondationjeunesentete.org\/en\/evenements\/a-la-boite-a-fleurs\/\" class=\"btn btn-link-alt js-btn-link\"><span>Read the article<\/span><\/a>\n                <\/div>\n            <\/div>\n        <\/div>\n    <\/div>\n<\/div>\n<div class=\"resultat-indivduel bg-color module-bg-color-bleu category-all category-64 year-all year-2021 active \">\n    <div class=\"resultat-container\">\n        <div class=\"row align-items-center\">\n            <div class=\"col-xl-6 col-img\">\n                <div class=\"content-img\">\n                    <img decoding=\"async\" src=\"https:\/\/fondationjeunesentete.tor1.digitaloceanspaces.com\/2021\/04\/montage-racines1.png\" alt=\"UNTIL OCTOBER 31, 2021: Racines Bistro Bar \u00c0 Vin\" class=\"img-fluid module-shadow\">\n                <\/div>\n            <\/div>\n            <div class=\"col-xl-6\">\n                <div class=\"title-box\">\n                    <span class=\"date-filtre\">\n                        <span class=\"filtre-point-couleur point-bleu\"><\/span>\n                        <span class=\"date\">April 01, 2021 - October 31, 2021<\/span>\n                    <\/span>\n                <\/div>\n                <div class=\"content-txt\">\n                    <h3>UNTIL OCTOBER 31, 2021: Racines Bistro Bar \u00c0 Vin<\/h3>\n                    <p class=\"p-medium\">\u200bWould you like to encourage a local restaurant owner who is involved with young people? Until October, go to Bistro Racines in Terrebonne to taste their star dish to benefit the Foundation!<\/p>\n                    <a href=\"https:\/\/fondationjeunesentete.org\/en\/evenements\/bistro-racines\/\" class=\"btn btn-link-alt js-btn-link\"><span>Read the article<\/span><\/a>\n                <\/div>\n            <\/div>\n        <\/div>\n    <\/div>\n<\/div>\n<div class=\"resultat-indivduel bg-color module-bg-color-bleu category-all category-64 year-all year-2021 active \">\n    <div class=\"resultat-container\">\n        <div class=\"row align-items-center\">\n            <div class=\"col-xl-6 col-img\">\n                <div class=\"content-img\">\n                    <img decoding=\"async\" src=\"https:\/\/fondationjeunesentete.tor1.digitaloceanspaces.com\/2021\/05\/180926_julievachonchocolats_0103.jpg\" alt=\"Julie Vachon Chocolats donates $1,125 to our mission\" class=\"img-fluid module-shadow\">\n                <\/div>\n            <\/div>\n            <div class=\"col-xl-6\">\n                <div class=\"title-box\">\n                    <span class=\"date-filtre\">\n                        <span class=\"filtre-point-couleur point-bleu\"><\/span>\n                        <span class=\"date\">May 01, 2021 - May 31, 2021<\/span>\n                    <\/span>\n                <\/div>\n                <div class=\"content-txt\">\n                    <h3>Julie Vachon Chocolats donates $1,125 to our mission<\/h3>\n                    <p class=\"p-medium\">\u200bFrom May 1 to 31, Julie Vachon Chocolats will generously donate the profits from the sale of her boxes of 12 chocolate-filled macarons to our mission! Visit her shop! \ud83d\ude42<\/p>\n                    <a href=\"https:\/\/fondationjeunesentete.org\/en\/evenements\/julie-vachon-chocolats\/\" class=\"btn btn-link-alt js-btn-link\"><span>Read the article<\/span><\/a>\n                <\/div>\n            <\/div>\n        <\/div>\n    <\/div>\n<\/div>\n<div class=\"resultat-indivduel bg-color module-bg-color-bleu category-all category-64 year-all year-2021 active \">\n    <div class=\"resultat-container\">\n        <div class=\"row align-items-center\">\n            <div class=\"col-xl-6 col-img\">\n                <div class=\"content-img\">\n                    <img decoding=\"async\" src=\"https:\/\/fondationjeunesentete.tor1.digitaloceanspaces.com\/2021\/04\/176203211_10159165712879161_4126848217571903850_n.jpeg\" alt=\"Juliette et Chocolat - P\u00e2ques 2021\" class=\"img-fluid module-shadow\">\n                <\/div>\n            <\/div>\n            <div class=\"col-xl-6\">\n                <div class=\"title-box\">\n                    <span class=\"date-filtre\">\n                        <span class=\"filtre-point-couleur point-bleu\"><\/span>\n                        <span class=\"date\">April 04, 2021<\/span>\n                    <\/span>\n                <\/div>\n                <div class=\"content-txt\">\n                    <h3>Juliette et Chocolat - P\u00e2ques 2021<\/h3>\n                    <p class=\"p-medium\">\u200bSensibles \u00e0 la cause, les propri\u00e9taires de Juliette et Chocolat s\u2019associent \u00e0 la Fondation, le temps d\u2019un g\u00e9n\u00e9reux partenariat tout en chocolat!<\/p>\n                    <a href=\"https:\/\/fondationjeunesentete.org\/en\/evenements\/partenariat-juliette-chocolat\/\" class=\"btn btn-link-alt js-btn-link\"><span>Read the article<\/span><\/a>\n                <\/div>\n            <\/div>\n        <\/div>\n    <\/div>\n<\/div>\n<div class=\"resultat-indivduel bg-color module-bg-color-bleu category-all category-64 year-all year-2021 active \">\n    <div class=\"resultat-container\">\n        <div class=\"row align-items-center\">\n            <div class=\"col-xl-6 col-img\">\n                <div class=\"content-img\">\n                    <img decoding=\"async\" src=\"https:\/\/fondationjeunesentete.tor1.digitaloceanspaces.com\/2021\/02\/thumbnail-11.jpg\" alt=\"Partnership ended: Ernestine\" class=\"img-fluid module-shadow\">\n                <\/div>\n            <\/div>\n            <div class=\"col-xl-6\">\n                <div class=\"title-box\">\n                    <span class=\"date-filtre\">\n                        <span class=\"filtre-point-couleur point-bleu\"><\/span>\n                        <span class=\"date\">February 09, 2021 - February 14, 2021<\/span>\n                    <\/span>\n                <\/div>\n                <div class=\"content-txt\">\n                    <h3>Partnership ended: Ernestine<\/h3>\n                    <p class=\"p-medium\">\u200bFrom February 9 to 14, your purchase from Ernestine Chocolaterie will allow you to spoil your loved ones while supporting the cause! Treat yourself to their delicious sweet creations, there's something for everyone...<\/p>\n                    <a href=\"https:\/\/fondationjeunesentete.org\/en\/evenements\/ernestine\/\" class=\"btn btn-link-alt js-btn-link\"><span>Read the article<\/span><\/a>\n                <\/div>\n            <\/div>\n        <\/div>\n    <\/div>\n<\/div>\n        <\/div>\n        <div class=\"row\">\n            <div class=\"col-12 text-center\">\n                <div class=\"pagination-box\">\n                    <nav aria-label=\"...\">\n                        <ul class=\"pagination pagination-lg\">\n\n                        <\/ul>\n                    <\/nav>\n                <\/div>\n            <\/div>\n        <\/div>\n    <\/div>\n<\/div>\n[\/vc_column][\/vc_row][vc_row full_width=&#8221;stretch_row&#8221;][vc_column width=&#8221;1\/2&#8243;]<div class=\"fjet-module-container module-texte-centre-overflow  module-with-overflow bg-color module-bg-color-blanc color-inverse\">\n    <div class=\"container \">\n        <div class=\"row\">\n            <div class=\"col-12 text-center\">\n                <div class=\"decoration-box desktop\" style=\"background-image: url('https:\/\/fondationjeunesentete.tor1.digitaloceanspaces.com\/2020\/06\/svg-box2-left.svg')\"><\/div><div class=\"decoration-box mobile\" style=\"background-image: url('https:\/\/fondationjeunesentete.tor1.digitaloceanspaces.com\/2020\/06\/svg-box2-left-mb-1.svg')\"><\/div>\n                <div class=\"overflow-container module-box bg-color module-bg-color-vert module-radius module-shadow color-inverse\">\n                                            <div class=\"content-txt\">\n                                                                                        <h2 class=\"text-color- \">Foundation's Cause<\/h2>                            <\/p>\n<p class=\"lead\">Preventing psychological distress in young people<\/p>\n<p>\n                                                            <a class=\"btn btn-inverse\" href=\"https:\/\/fondationjeunesentete.org\/en\/our-cause\/\" title=\"Notre cause\" target=\"\"><span>Learn more<\/span><\/a>\n                                                    <\/div>\n                                        <\/div>\n            <\/div>\n        <\/div>\n    <\/div>\n<\/div>[\/vc_column][vc_column width=&#8221;1\/2&#8243;]<div class=\"fjet-module-container module-texte-centre-overflow  module-with-overflow bg-color module-bg-color-blanc color-inverse\">\n    <div class=\"container \">\n        <div class=\"row\">\n            <div class=\"col-12 text-center\">\n                <div class=\"decoration-box desktop\" style=\"background-image: url('https:\/\/fondationjeunesentete.tor1.digitaloceanspaces.com\/2020\/06\/svg-box2-right.svg')\"><\/div><div class=\"decoration-box mobile\" style=\"background-image: url('https:\/\/fondationjeunesentete.tor1.digitaloceanspaces.com\/2020\/06\/svg-box2-right-mb-1.svg')\"><\/div>\n                <div class=\"overflow-container module-box bg-color module-bg-color-rose module-radius module-shadow color-inverse\">\n                                            <div class=\"content-txt\">\n                                                                                        <h2 class=\"text-color- \">Our tools<\/h2>                            <\/p>\n<p class=\"lead\">Useful tools for teens and adults dealing with teenagers<\/p>\n<p>\n                                                            <a class=\"btn btn-inverse\" href=\"https:\/\/fondationjeunesentete.org\/en\/our-tools\/\" title=\"Nos outils\" target=\"\"><span>Learn more<\/span><\/a>\n                                                    <\/div>\n                                        <\/div>\n            <\/div>\n        <\/div>\n    <\/div>\n<\/div>[\/vc_column][\/vc_row][vc_row full_width=&#8221;stretch_row_content_no_spaces&#8221;][vc_column][vc_row_inner el_class=&#8221;mobile-only&#8221;][vc_column_inner]<div class=\"fjet-module-container module-image module-with-overflow matchHeight  \">\n    <!-- Image au centre dans le container en position BACK -->\n    <div class=\"container-fluid no-gutters p-0 \">\n        <div class=\"row\">\n            <div class=\"col-12\">\n                <div class=\"img-container overflow-container\">\n                                    <img decoding=\"async\" src=\"https:\/\/fondationjeunesentete.tor1.digitaloceanspaces.com\/2020\/05\/fjet_footer-bg-mbl.jpg\" alt=\"\" class=\"img-fluid\">\n                                <\/div>\n            <\/div>\n        <\/div>\n    <\/div>\n<\/div>[\/vc_column_inner][\/vc_row_inner][vc_row_inner el_class=&#8221;desktop-only&#8221;][vc_column_inner]<div class=\"fjet-module-container module-image module-with-overflow matchHeight  full-width\">\n    <!-- Image au centre dans le container en position BACK -->\n    <div class=\"container-fluid no-gutters p-0 \">\n        <div class=\"row\">\n            <div class=\"col-12\">\n                <div class=\"img-container overflow-container\">\n                                    <img decoding=\"async\" src=\"https:\/\/fondationjeunesentete.tor1.digitaloceanspaces.com\/2020\/05\/fjet_footer-bg.jpg\" alt=\"\" class=\"img-fluid\">\n                                <\/div>\n            <\/div>\n        <\/div>\n    <\/div>\n<\/div>[\/vc_column_inner][\/vc_row_inner][\/vc_column][\/vc_row]<\/p>\n<\/div>","protected":false},"excerpt":{"rendered":"<p>Businesses and artisans making a difference<\/p>\n","protected":false},"author":14,"featured_media":0,"parent":4950,"menu_order":0,"comment_status":"closed","ping_status":"closed","template":"","meta":{"_acf_changed":false,"inline_featured_image":false,"footnotes":""},"class_list":["post-13694","page","type-page","status-publish","hentry"],"acf":[],"yoast_head":"<!-- This site is optimized with the Yoast SEO plugin v26.8 - https:\/\/yoast.com\/product\/yoast-seo-wordpress\/ -->\n<title>Benefits and fundraisers for teen mental health | FJET<\/title>\n<meta name=\"description\" content=\"Fondation Jeunes en T\u00eate is a major player on the philanthropy scene. Click here for more details about our events in support of youth aid organizations.\" \/>\n<meta name=\"robots\" content=\"index, follow, max-snippet:-1, max-image-preview:large, max-video-preview:-1\" \/>\n<link rel=\"canonical\" href=\"https:\/\/fondationjeunesentete.org\/en\/benefit-events\/partnerships\/\" \/>\n<meta property=\"og:locale\" content=\"en_US\" \/>\n<meta property=\"og:type\" content=\"article\" \/>\n<meta property=\"og:title\" content=\"Benefits and fundraisers for teen mental health | FJET\" \/>\n<meta property=\"og:description\" content=\"Fondation Jeunes en T\u00eate is a major player on the philanthropy scene. Click here for more details about our events in support of youth aid organizations.\" \/>\n<meta property=\"og:url\" content=\"https:\/\/fondationjeunesentete.org\/en\/benefit-events\/partnerships\/\" \/>\n<meta property=\"og:site_name\" content=\"Fondation Jeunes en T\u00eate\" \/>\n<meta property=\"article:modified_time\" content=\"2026-01-22T15:09:24+00:00\" \/>\n<meta name=\"twitter:card\" content=\"summary_large_image\" \/>\n<meta name=\"twitter:title\" content=\"Benefits and fundraisers for teen mental health | FJET\" \/>\n<meta name=\"twitter:description\" content=\"Fondation Jeunes en T\u00eate is a major player on the philanthropy scene. Click here for more details about our events in support of youth aid organizations.\" \/>\n<meta name=\"twitter:label1\" content=\"Est. reading time\" \/>\n\t<meta name=\"twitter:data1\" content=\"2 minutes\" \/>\n<script type=\"application\/ld+json\" class=\"yoast-schema-graph\">{\"@context\":\"https:\/\/schema.org\",\"@graph\":[{\"@type\":\"WebPage\",\"@id\":\"https:\/\/fondationjeunesentete.org\/en\/benefit-events\/partnerships\/\",\"url\":\"https:\/\/fondationjeunesentete.org\/en\/benefit-events\/partnerships\/\",\"name\":\"Benefits and fundraisers for teen mental health | FJET\",\"isPartOf\":{\"@id\":\"https:\/\/fondationjeunesentete.org\/#website\"},\"datePublished\":\"2021-08-20T19:23:34+00:00\",\"dateModified\":\"2026-01-22T15:09:24+00:00\",\"description\":\"Fondation Jeunes en T\u00eate is a major player on the philanthropy scene. Click here for more details about our events in support of youth aid organizations.\",\"breadcrumb\":{\"@id\":\"https:\/\/fondationjeunesentete.org\/en\/benefit-events\/partnerships\/#breadcrumb\"},\"inLanguage\":\"en-US\",\"potentialAction\":[{\"@type\":\"ReadAction\",\"target\":[\"https:\/\/fondationjeunesentete.org\/en\/benefit-events\/partnerships\/\"]}]},{\"@type\":\"BreadcrumbList\",\"@id\":\"https:\/\/fondationjeunesentete.org\/en\/benefit-events\/partnerships\/#breadcrumb\",\"itemListElement\":[{\"@type\":\"ListItem\",\"position\":1,\"name\":\"Home\",\"item\":\"https:\/\/fondationjeunesentete.org\/en\/\"},{\"@type\":\"ListItem\",\"position\":2,\"name\":\"Benefit events\",\"item\":\"https:\/\/fondationjeunesentete.org\/en\/benefit-events\/\"},{\"@type\":\"ListItem\",\"position\":3,\"name\":\"Partnerships\"}]},{\"@type\":\"WebSite\",\"@id\":\"https:\/\/fondationjeunesentete.org\/#website\",\"url\":\"https:\/\/fondationjeunesentete.org\/\",\"name\":\"Fondation Jeunes en T\u00eate\",\"description\":\"Agissons pour le bien-\u00eatre des jeunes\",\"potentialAction\":[{\"@type\":\"SearchAction\",\"target\":{\"@type\":\"EntryPoint\",\"urlTemplate\":\"https:\/\/fondationjeunesentete.org\/?s={search_term_string}\"},\"query-input\":{\"@type\":\"PropertyValueSpecification\",\"valueRequired\":true,\"valueName\":\"search_term_string\"}}],\"inLanguage\":\"en-US\"}]}<\/script>\n<!-- \/ Yoast SEO plugin. -->","yoast_head_json":{"title":"Benefits and fundraisers for teen mental health | FJET","description":"Fondation Jeunes en T\u00eate is a major player on the philanthropy scene. Click here for more details about our events in support of youth aid organizations.","robots":{"index":"index","follow":"follow","max-snippet":"max-snippet:-1","max-image-preview":"max-image-preview:large","max-video-preview":"max-video-preview:-1"},"canonical":"https:\/\/fondationjeunesentete.org\/en\/benefit-events\/partnerships\/","og_locale":"en_US","og_type":"article","og_title":"Benefits and fundraisers for teen mental health | FJET","og_description":"Fondation Jeunes en T\u00eate is a major player on the philanthropy scene. Click here for more details about our events in support of youth aid organizations.","og_url":"https:\/\/fondationjeunesentete.org\/en\/benefit-events\/partnerships\/","og_site_name":"Fondation Jeunes en T\u00eate","article_modified_time":"2026-01-22T15:09:24+00:00","twitter_card":"summary_large_image","twitter_title":"Benefits and fundraisers for teen mental health | FJET","twitter_description":"Fondation Jeunes en T\u00eate is a major player on the philanthropy scene. Click here for more details about our events in support of youth aid organizations.","twitter_misc":{"Est. reading time":"2 minutes"},"schema":{"@context":"https:\/\/schema.org","@graph":[{"@type":"WebPage","@id":"https:\/\/fondationjeunesentete.org\/en\/benefit-events\/partnerships\/","url":"https:\/\/fondationjeunesentete.org\/en\/benefit-events\/partnerships\/","name":"Benefits and fundraisers for teen mental health | FJET","isPartOf":{"@id":"https:\/\/fondationjeunesentete.org\/#website"},"datePublished":"2021-08-20T19:23:34+00:00","dateModified":"2026-01-22T15:09:24+00:00","description":"Fondation Jeunes en T\u00eate is a major player on the philanthropy scene. Click here for more details about our events in support of youth aid organizations.","breadcrumb":{"@id":"https:\/\/fondationjeunesentete.org\/en\/benefit-events\/partnerships\/#breadcrumb"},"inLanguage":"en-US","potentialAction":[{"@type":"ReadAction","target":["https:\/\/fondationjeunesentete.org\/en\/benefit-events\/partnerships\/"]}]},{"@type":"BreadcrumbList","@id":"https:\/\/fondationjeunesentete.org\/en\/benefit-events\/partnerships\/#breadcrumb","itemListElement":[{"@type":"ListItem","position":1,"name":"Home","item":"https:\/\/fondationjeunesentete.org\/en\/"},{"@type":"ListItem","position":2,"name":"Benefit events","item":"https:\/\/fondationjeunesentete.org\/en\/benefit-events\/"},{"@type":"ListItem","position":3,"name":"Partnerships"}]},{"@type":"WebSite","@id":"https:\/\/fondationjeunesentete.org\/#website","url":"https:\/\/fondationjeunesentete.org\/","name":"Fondation Jeunes en T\u00eate","description":"Agissons pour le bien-\u00eatre des jeunes","potentialAction":[{"@type":"SearchAction","target":{"@type":"EntryPoint","urlTemplate":"https:\/\/fondationjeunesentete.org\/?s={search_term_string}"},"query-input":{"@type":"PropertyValueSpecification","valueRequired":true,"valueName":"search_term_string"}}],"inLanguage":"en-US"}]}},"_links":{"self":[{"href":"https:\/\/fondationjeunesentete.org\/en\/wp-json\/wp\/v2\/pages\/13694","targetHints":{"allow":["GET"]}}],"collection":[{"href":"https:\/\/fondationjeunesentete.org\/en\/wp-json\/wp\/v2\/pages"}],"about":[{"href":"https:\/\/fondationjeunesentete.org\/en\/wp-json\/wp\/v2\/types\/page"}],"author":[{"embeddable":true,"href":"https:\/\/fondationjeunesentete.org\/en\/wp-json\/wp\/v2\/users\/14"}],"replies":[{"embeddable":true,"href":"https:\/\/fondationjeunesentete.org\/en\/wp-json\/wp\/v2\/comments?post=13694"}],"version-history":[{"count":13,"href":"https:\/\/fondationjeunesentete.org\/en\/wp-json\/wp\/v2\/pages\/13694\/revisions"}],"predecessor-version":[{"id":38116,"href":"https:\/\/fondationjeunesentete.org\/en\/wp-json\/wp\/v2\/pages\/13694\/revisions\/38116"}],"up":[{"embeddable":true,"href":"https:\/\/fondationjeunesentete.org\/en\/wp-json\/wp\/v2\/pages\/4950"}],"wp:attachment":[{"href":"https:\/\/fondationjeunesentete.org\/en\/wp-json\/wp\/v2\/media?parent=13694"}],"curies":[{"name":"wp","href":"https:\/\/api.w.org\/{rel}","templated":true}]}}